{"id":34325,"date":"2021-06-29T11:38:57","date_gmt":"2021-06-29T11:38:57","guid":{"rendered":"https:\/\/elamyspoukama.fi\/?page_id=34325"},"modified":"2025-06-11T13:59:08","modified_gmt":"2025-06-11T10:59:08","slug":"sup-lautavuokraus-porvoo","status":"publish","type":"page","link":"https:\/\/elamyspoukama.fi\/en\/sup-lautavuokraus-porvoo\/","title":{"rendered":"SUP lautavuokraus Porvoo"},"content":{"rendered":"<p><img decoding=\"async\" src=\"\/wp-content\/uploads\/2021\/06\/sup-lautailua-1-scaled.jpg\" alt=\"Sup lauta vuokraus porvoo\"><\/p>\n<h1>SUP lauta vuokraus Porvoo<\/h1>\n<div>\n<div class=\"uk-panel uk-margin\">\n<h2>Alla olevasta kalenterista voit varata sup laudan<\/h2>\n<\/div>\n<div class=\"uk-panel uk-margin\">\n<div class=\"uk-grid tm-grid-expand uk-child-width-1-1 uk-grid-margin\">\n<div class=\"uk-width-1-1\">\n<div class=\"uk-panel uk-margin\">\n<p>Alla olevasta kalenterista voit varata itsellesi laadukkaan sup-laudanjolla p\u00e4\u00e4set nauttimaan\u00a0 saariston maisemista ja rauhasta.<\/p>\n<p>Huom! Minimivuokraus aika on 2 tuntia ja vuokraukset<span>\u00a0<\/span><strong>alkavat ja p\u00e4\u00e4ttyv\u00e4t kahvila Jemman aukioloaikoina.<\/strong><\/p>\n<h3>SUP-LAUDAN VUOKRAUSTEN MAKSAMINEN JA OHJEISTUS<\/h3>\n<div class=\"uk-grid tm-grid-expand uk-child-width-1-1\">\n<ol>\n<li>Valitse haluamasi m\u00e4\u00e4r\u00e4 tuotteita<\/li>\n<li>Valitse haluamasi p\u00e4iv\u00e4m\u00e4\u00e4r\u00e4. (Saatavilla olevat p\u00e4iv\u00e4t ovat ilman v\u00e4ri\u00e4 ja valittup\u00e4iv\u00e4 muuttuu vihre\u00e4ksi)<\/li>\n<li>Paina \u2018seuraava\u2019<\/li>\n<li>Tarkista tilauksen tiedot ja paina \u2018Vahvistan\u2019<\/li>\n<li>Anna pyydetyt tiedot (Pakolliset merkattu *).\u00a0<\/li>\n<li>Hyv\u00e4ksy varausehdot ja halutessasi markkinointilupa ja paina \u2018Varaa\u2019<\/li>\n<li>Saat s\u00e4hk\u00f6postiisi vahvistuksen. Maksu suoritetaan saavuttaessa kahvila jemmaan. Saavuthan paikalle 15 minuuttia ennen varauksen alkua.<\/li>\n<li><span>Sup lauta palautetaan puhdistettuna ja kuivattuna vuokrauksen p\u00e4\u00e4ttymisaikaan menness\u00e4.<\/span><\/li>\n<\/ol>\n<\/div>\n<h4>HUOM!<\/h4>\n<p>Ongelmatilanteissa voit olla meihin yhteydess\u00e4<span>\u00a0<\/span><span>yhteydess\u00e4 joko s\u00e4hk\u00f6postilla tapahtumat@elamyspoukama.fi tai 040 1649993.<\/span><\/p>\n<\/div>\n<\/div>\n<\/div>\n<\/div>\n<div><\/div>\n<\/div>\n<div>\n<p>    <!-- Calendar tag --><\/p>\n<div id=\"actcldr241\"><\/div>\n<p><!-- Calendar loader. Insert in footer. --><br \/>\n<script type=\"text\/javascript\" >\n(function(w,d,t,u,f,k,a){w[f]=w[f]||function(){(w[f].a=w[f].a||[]).push(arguments)};\nk=d.createElement(t),a=d.getElementsByTagName(t)[0],k.async=1,k.src=u,a.parentNode.insertBefore(k,a)})\n(window, document, \"script\", \"https:\/\/kalenteri.webia.fi\/static\/minjs\/activity_tag.js\", \"bc\");\nbc(241, {target: 'actcldr241',});\n<\/script>\n<\/div>\n<div>\n<p>        <img decoding=\"async\" src=\"\/wp-content\/uploads\/2025\/06\/JNS_logo_suomi_RGB_PNG-1.png\" alt=\"\"><\/p>\n<div>\n<h2>Autetaan yhdess\u00e4 it\u00e4merta !<\/h2>\n<p>John Nurmisen s\u00e4\u00e4ti\u00f6n kumppanina lahjoitamme kaikista melontavuokrauksista 1\u20ac:n \/ vuokraaja.<\/p>\n<p>Alla olevasta linkist\u00e4 voit lahjoittaa itse katsomasi summan s\u00e4\u00e4ti\u00f6n t\u00e4rke\u00e4\u00e4n ty\u00f6h\u00f6n. Tervetuloa nauttimaan saaristosta.<\/p>\n<\/p>\n<\/div>\n<p><a href=\"https:\/\/johnnurmisensaatio.fi\/tiimi\/porvoon-poukama\/\">T\u00e4st\u00e4 voit siirty\u00e4 lahjoittamaan<\/a><\/p>\n<\/div>\n<div>\n<div class=\"uk-panel uk-margin\"><\/div>\n<div class=\"uk-panel uk-margin\">\n<div class=\"uk-grid tm-grid-expand uk-child-width-1-1 uk-grid-margin\">\n<div class=\"uk-width-1-1\">\n<div class=\"uk-panel uk-margin\">\n<p>Aivan kaikki kalustomme ei ole varattavissa verkkokaupasta joten jos et l\u00f6yd\u00e4 haluamaasi saatavuutta, niin ole my\u00f6s silloin yhteydess\u00e4 meihin.<\/p>\n<h4>MAKSUTAVAT KAHVILA JEMMASSA<\/h4>\n<p>Korttien ja k\u00e4teisen lis\u00e4ksi meille k\u00e4y sek\u00e4 Edenred ja Smartum liikuntaedut.<\/p>\n<blockquote>\n<p>HUOM ! LIIKUNTAEDULLA MAKSETTAESSA MAKSUTAPALIS\u00c4 5 \u20ac \/ TILAUS<\/p>\n<\/blockquote>\n<h4>MUKANA TULEVAT VARUSTEET<\/h4>\n<p>Mukana tulee uimataitoiselle tarkoitettu melontaliivi, kuivaus-sieni sek\u00e4 kartta l\u00e4hialueesta.<\/p>\n<p>Sup-laudan vuokraus on tarkoitettu perusasiat osaavalle ja itsen\u00e4isesti toimivalle vuokraajalle.<\/p>\n<p>Jos tarvitset alkuopastusta niin ole yhteydess\u00e4 vuokraamoon ennen varausta s\u00e4hk\u00f6postilla tai puhelimitse.<\/p>\n<p>Muista varata s\u00e4\u00e4nmukaista vaatetusta sek\u00e4 juomista &amp; v\u00e4lipalaa. Ev\u00e4it\u00e4 voit ostaa my\u00f6s kahvila jemmasta.<\/p>\n<p>Tehdess\u00e4si tilauksen hyv\u00e4ksyt vuokra- ja k\u00e4ytt\u00f6ehdot, tuotteiden hinnat sek\u00e4 toimituskulut. Tutustu el\u00e4myspoukaman vuokrauksen<a href=\"https:\/\/elamyspoukama.fi\/wp-content\/uploads\/2022\/05\/Yleiset-vuokraehdot-2022.pdf\"><span>\u00a0<\/span>ehtoihin<\/a><span>\u00a0<\/span>.<\/p>\n<p>Tuotteiden hinnat sis\u00e4lt\u00e4v\u00e4t arvonlis\u00e4veron.<\/p>\n<p>Poukama ja kahvila Jemma pid\u00e4tt\u00e4\u00e4 oikeuden hintojen muutoksiin.<\/p>\n<\/div>\n<\/div>\n<\/div>\n<\/div>\n<div><\/div>\n<\/div>\n<h2>Meilt\u00e4 l\u00f6ytyy my\u00f6s j\u00e4tti sup-lauta isomman ryhm\u00e4n yhteiseen retkeen<\/h2>\n<div>\n<p>    <img decoding=\"async\" src=\"\/wp-content\/uploads\/2024\/06\/jattisup-1-scaled.jpg\" alt=\"Kajakkiyksik\u00f6n vuokraus porvoossa\"><\/p>\n<h3>Vuokraa j\u00e4tti sup lauta <\/h3>\n<p><a href=\"\/jatti-sup-lauta-vuoktraus-porvoossa\/\">Siirry varauskalenteriin<\/a><\/p>\n<\/div>\n<p><img decoding=\"async\" src=\"\/wp-content\/uploads\/2023\/06\/Edenred_logo_CMYK_red.webp\" alt=\"\"><br \/>\n<img decoding=\"async\" src=\"\/wp-content\/uploads\/2023\/06\/SMARTUM_LOGO_RGB_BLACK.png\" alt=\"\"><\/p>\n<div>\n<p>    <img decoding=\"async\" src=\"https:\/\/static.vismapay.com\/pay_banners\/column.png\">\n<\/div>\n<p><p>\n        <a href=\"http:\/\/elamyspoukama.fi\/yhteystiedot\/\">Ota yhteytt\u00e4 ><\/a>\n    <\/p>\n<\/p>\n<p><!--more--><br \/>\n<!-- {\"type\":\"layout\",\"children\":[{\"name\":\"Alku\",\"type\":\"section\",\"props\":{\"animation_delay\":false,\"image_position\":\"center-center\",\"overlap\":true,\"padding_remove_bottom\":true,\"padding_remove_top\":true,\"style\":\"default\",\"title_breakpoint\":\"xl\",\"title_position\":\"top-left\",\"title_rotation\":\"left\",\"vertical_align\":\"\",\"width\":\"\"},\"children\":[{\"type\":\"row\",\"props\":{\"margin_remove_bottom\":false,\"width\":\"expand\"},\"children\":[{\"type\":\"column\",\"props\":{\"image_position\":\"center-center\",\"position_sticky_breakpoint\":\"m\",\"vertical_align\":\"middle\",\"width_medium\":\"1-1\"},\"children\":[{\"type\":\"image\",\"props\":{\"image\":\"wp-content\\\/uploads\\\/2021\\\/06\\\/sup-lautailua-1-scaled.jpg\",\"image_alt\":\"Sup lauta vuokraus porvoo\",\"image_height\":\"650\",\"image_svg_color\":\"emphasis\",\"image_width\":\"2560\",\"margin\":\"default\",\"margin_remove_bottom\":false,\"position_bottom\":\"0\",\"position_left\":\"0\"}}]}]},{\"type\":\"row\",\"props\":{\"margin\":\"remove-vertical\",\"margin_remove_bottom\":false,\"margin_remove_top\":false,\"width\":\"large\"},\"children\":[{\"type\":\"column\",\"props\":{\"image_effect\":\"parallax\",\"image_height\":\"310\",\"image_parallax_bgy\":\"-110,-250\",\"image_parallax_easing\":\"1\",\"image_position\":\"top-left\",\"image_width\":\"260\",\"position_sticky_breakpoint\":\"m\",\"style\":\"tile-default\"},\"children\":[{\"type\":\"headline\",\"props\":{\"content\":\"SUP lauta vuokraus Porvoo\",\"margin\":\"medium\",\"margin_remove_bottom\":true,\"margin_remove_top\":false,\"title_element\":\"h1\"}},{\"type\":\"text\",\"props\":{\"column_breakpoint\":\"l\",\"column_divider\":false,\"content\":\"\n\n<div class=\\\"uk-panel uk-margin\\\">\\n\n\n<h2>Alla olevasta kalenterista voit varata sup laudan<\\\/h2>\\n<\\\/div>\\n\n\n<div class=\\\"uk-panel uk-margin\\\">\\n\n\n<div class=\\\"uk-grid tm-grid-expand uk-child-width-1-1 uk-grid-margin\\\">\\n\n\n<div class=\\\"uk-width-1-1\\\">\\n\n\n<div class=\\\"uk-panel uk-margin\\\">\\n\n\n<p>Alla olevasta kalenterista voit varata itsellesi laadukkaan sup-laudanjolla p\\u00e4\\u00e4set nauttimaan\\u00a0 saariston maisemista ja rauhasta.<\\\/p>\\n\n\n<p><br \\\/>Huom! Minimivuokraus aika on 2 tuntia ja vuokraukset<span>\\u00a0<\\\/span><strong>alkavat ja p\\u00e4\\u00e4ttyv\\u00e4t kahvila Jemman aukioloaikoina.<\\\/strong><\\\/p>\\n\n\n<h3>SUP-LAUDAN VUOKRAUSTEN MAKSAMINEN JA OHJEISTUS<\\\/h3>\\n\n\n<div class=\\\"uk-grid tm-grid-expand uk-child-width-1-1\\\">\\n\n\n<ol>\\n\n\n<li>Valitse haluamasi m\\u00e4\\u00e4r\\u00e4 tuotteita<\\\/li>\\n\n\n<li>Valitse haluamasi p\\u00e4iv\\u00e4m\\u00e4\\u00e4r\\u00e4. (Saatavilla olevat p\\u00e4iv\\u00e4t ovat ilman v\\u00e4ri\\u00e4 ja valittup\\u00e4iv\\u00e4 muuttuu vihre\\u00e4ksi)<\\\/li>\\n\n\n<li>Paina \\u2018seuraava\\u2019<\\\/li>\\n\n\n<li>Tarkista tilauksen tiedot ja paina \\u2018Vahvistan\\u2019<\\\/li>\\n\n\n<li>Anna pyydetyt tiedot (Pakolliset merkattu *).\\u00a0<\\\/li>\\n\n\n<li>Hyv\\u00e4ksy varausehdot ja halutessasi markkinointilupa ja paina \\u2018Varaa\\u2019<\\\/li>\\n\n\n<li>Saat s\\u00e4hk\\u00f6postiisi vahvistuksen. Maksu suoritetaan saavuttaessa kahvila jemmaan. Saavuthan paikalle 15 minuuttia ennen varauksen alkua.<\\\/li>\\n\n\n<li><span>Sup lauta palautetaan puhdistettuna ja kuivattuna vuokrauksen p\\u00e4\\u00e4ttymisaikaan menness\\u00e4.<\\\/span><\\\/li>\\n<\\\/ol>\\n<\\\/div>\\n\n\n<h4>HUOM!<\\\/h4>\\n\n\n<p>Ongelmatilanteissa voit olla meihin yhteydess\\u00e4<span>\\u00a0<\\\/span><span>yhteydess\\u00e4 joko s\\u00e4hk\\u00f6postilla tapahtumat@elamyspoukama.fi tai 040 1649993.<\\\/span><\\\/p>\\n<\\\/div>\\n<\\\/div>\\n<\\\/div>\\n<\\\/div>\\n\n\n<div><\\\/div>\",\"margin\":\"default\",\"maxwidth\":\"2xlarge\",\"text_align_fallback\":\"left\"}},{\"type\":\"html\",\"props\":{\"content\":\"<!-- Calendar tag -->\\n<\/p>\n<div id=\\\"actcldr241\\\"><\\\/div>\\n\\n<!-- Calendar loader. Insert in footer. -->\\n<script type=\\\"text\\\/javascript\\\" >\\n(function(w,d,t,u,f,k,a){w[f]=w[f]||function(){(w[f].a=w[f].a||[]).push(arguments)};\\nk=d.createElement(t),a=d.getElementsByTagName(t)[0],k.async=1,k.src=u,a.parentNode.insertBefore(k,a)})\\n(window, document, \\\"script\\\", \\\"https:\\\/\\\/kalenteri.webia.fi\\\/static\\\/minjs\\\/activity_tag.js\\\", \\\"bc\\\");\\nbc(241, {target: 'actcldr241',});\\n<\\\/script>\"}},{\"type\":\"panel\",\"props\":{\"content\":\"<\/p>\n<h2>Autetaan yhdess\\u00e4 it\\u00e4merta !<\\\/h2>\\n<\/p>\n<p>John Nurmisen s\\u00e4\\u00e4ti\\u00f6n kumppanina lahjoitamme kaikista melontavuokrauksista 1\\u20ac:n \\\/ vuokraaja.<\\\/p>\\n<\/p>\n<p>Alla olevasta linkist\\u00e4 voit lahjoittaa itse katsomasi summan s\\u00e4\\u00e4ti\\u00f6n t\\u00e4rke\\u00e4\\u00e4n ty\\u00f6h\\u00f6n. Tervetuloa nauttimaan saaristosta.<\\\/p>\\n<\/p>\n<p><\\\/p>\",\"content_column_breakpoint\":\"m\",\"icon_width\":80,\"image\":\"wp-content\\\/uploads\\\/2025\\\/06\\\/JNS_logo_suomi_RGB_PNG-1.png\",\"image_align\":\"top\",\"image_focal_point\":\"center-right\",\"image_grid_breakpoint\":\"m\",\"image_grid_width\":\"1-2\",\"image_height\":150,\"image_svg_color\":\"emphasis\",\"image_width\":150,\"link\":\"https:\\\/\\\/johnnurmisensaatio.fi\\\/tiimi\\\/porvoon-poukama\\\/\",\"link_style\":\"default\",\"link_target\":true,\"link_text\":\"T\\u00e4st\\u00e4 voit siirty\\u00e4 lahjoittamaan\",\"margin\":\"default\",\"meta_align\":\"below-title\",\"meta_element\":\"div\",\"meta_style\":\"text-meta\",\"panel_image_no_padding\":false,\"position_right\":\"-10\",\"title_align\":\"top\",\"title_element\":\"h3\",\"title_grid_breakpoint\":\"m\",\"title_grid_width\":\"1-2\",\"title_hover_style\":\"reset\"},\"name\":\"John nurminen vuokraussivuille\"},{\"type\":\"text\",\"props\":{\"column_breakpoint\":\"l\",\"column_divider\":false,\"content\":\"<\/p>\n<div class=\\\"uk-panel uk-margin\\\"><\\\/div>\\n<\/p>\n<div class=\\\"uk-panel uk-margin\\\">\\n<\/p>\n<div class=\\\"uk-grid tm-grid-expand uk-child-width-1-1 uk-grid-margin\\\">\\n<\/p>\n<div class=\\\"uk-width-1-1\\\">\\n<\/p>\n<div class=\\\"uk-panel uk-margin\\\">\\n<\/p>\n<p><\\\/p>\\n<\/p>\n<p>Aivan kaikki kalustomme ei ole varattavissa verkkokaupasta joten jos et l\\u00f6yd\\u00e4 haluamaasi saatavuutta, niin ole my\\u00f6s silloin yhteydess\\u00e4 meihin.<\\\/p>\\n<\/p>\n<h4>MAKSUTAVAT KAHVILA JEMMASSA<\\\/h4>\\n<\/p>\n<p>Korttien ja k\\u00e4teisen lis\\u00e4ksi meille k\\u00e4y sek\\u00e4 Edenred ja Smartum liikuntaedut.<\\\/p>\\n<\/p>\n<blockquote><p>\\n<\/p>\n<p>HUOM ! LIIKUNTAEDULLA MAKSETTAESSA MAKSUTAPALIS\\u00c4 5 \\u20ac \\\/ TILAUS<\\\/p>\\n<\\\/blockquote>\\n<\/p>\n<h4>MUKANA TULEVAT VARUSTEET<\\\/h4>\\n<\/p>\n<p>Mukana tulee uimataitoiselle tarkoitettu melontaliivi, kuivaus-sieni sek\\u00e4 kartta l\\u00e4hialueesta.<\\\/p>\\n<\/p>\n<p>Sup-laudan vuokraus on tarkoitettu perusasiat osaavalle ja itsen\\u00e4isesti toimivalle vuokraajalle.<\\\/p>\\n<\/p>\n<p>Jos tarvitset alkuopastusta niin ole yhteydess\\u00e4 vuokraamoon ennen varausta s\\u00e4hk\\u00f6postilla tai puhelimitse.<\\\/p>\\n<\/p>\n<p>Muista varata s\\u00e4\\u00e4nmukaista vaatetusta sek\\u00e4 juomista &amp; v\\u00e4lipalaa. Ev\\u00e4it\\u00e4 voit ostaa my\\u00f6s kahvila jemmasta.<\\\/p>\\n<\/p>\n<p>Tehdess\\u00e4si tilauksen hyv\\u00e4ksyt vuokra- ja k\\u00e4ytt\\u00f6ehdot, tuotteiden hinnat sek\\u00e4 toimituskulut. Tutustu el\\u00e4myspoukaman vuokrauksen<a href=\\\"https:\\\/\\\/elamyspoukama.fi\\\/wp-content\\\/uploads\\\/2022\\\/05\\\/Yleiset-vuokraehdot-2022.pdf\\\"><span>\\u00a0<\\\/span>ehtoihin<\\\/a><span>\\u00a0<\\\/span>.<\\\/p>\\n<\/p>\n<p>Tuotteiden hinnat sis\\u00e4lt\\u00e4v\\u00e4t arvonlis\\u00e4veron.<\\\/p>\\n<\/p>\n<p>Poukama ja kahvila Jemma pid\\u00e4tt\\u00e4\\u00e4 oikeuden hintojen muutoksiin.<\\\/p>\\n<\\\/div>\\n<\\\/div>\\n<\\\/div>\\n<\\\/div>\\n<\/p>\n<div><\\\/div>\",\"margin\":\"default\",\"maxwidth\":\"2xlarge\",\"text_align_fallback\":\"left\"}},{\"type\":\"headline\",\"props\":{\"content\":\"Meilt\\u00e4 l\\u00f6ytyy my\\u00f6s j\\u00e4tti sup-lauta isomman ryhm\\u00e4n yhteiseen retkeen\",\"title_element\":\"h2\"}},{\"type\":\"panel-slider\",\"props\":{\"content_column_breakpoint\":\"m\",\"icon_width\":80,\"image_align\":\"top\",\"image_grid_breakpoint\":\"m\",\"image_grid_width\":\"1-2\",\"image_height\":\"300\",\"image_svg_color\":\"emphasis\",\"image_width\":\"450\",\"link_style\":\"default\",\"link_target\":true,\"link_text\":\"Siirry varauskalenteriin\",\"margin\":\"default\",\"meta_align\":\"below-title\",\"meta_element\":\"div\",\"meta_style\":\"text-meta\",\"nav\":\"dotnav\",\"nav_align\":\"center\",\"nav_breakpoint\":\"s\",\"panel_link\":true,\"panel_match\":true,\"panel_padding\":\"default\",\"show_content\":false,\"show_hover_image\":true,\"show_hover_video\":true,\"show_image\":true,\"show_link\":true,\"show_meta\":true,\"show_title\":true,\"show_video\":true,\"slidenav\":\"outside\",\"slidenav_breakpoint\":\"xl\",\"slidenav_margin\":\"medium\",\"slidenav_outside_breakpoint\":\"xl\",\"slider_autoplay_pause\":true,\"slider_center\":false,\"slider_gap\":\"default\",\"slider_sets\":false,\"slider_width\":\"fixed\",\"slider_width_default\":\"4-5\",\"slider_width_medium\":\"1-3\",\"title_align\":\"top\",\"title_element\":\"h3\",\"title_grid_breakpoint\":\"m\",\"title_grid_width\":\"1-2\",\"title_hover_style\":\"reset\"},\"children\":[{\"type\":\"panel-slider_item\",\"props\":{\"image\":\"wp-content\\\/uploads\\\/2024\\\/06\\\/jattisup-1-scaled.jpg\",\"image_alt\":\"Kajakkiyksik\\u00f6n vuokraus porvoossa\",\"link\":\"jatti-sup-lauta-vuoktraus-porvoossa\\\/\",\"meta\":\"\",\"panel_style\":\"card-default\",\"title\":\"Vuokraa j\\u00e4tti sup lauta \"}}],\"name\":\"Verkkakaupan paneeli_webia\"},{\"type\":\"fragment\",\"children\":[{\"type\":\"row\",\"props\":{\"layout\":\"1-3,1-3,1-3\"},\"children\":[{\"type\":\"column\",\"props\":{\"image_position\":\"center-center\",\"position_sticky_breakpoint\":\"m\",\"width_medium\":\"1-3\"},\"children\":[{\"type\":\"image\",\"props\":{\"image\":\"wp-content\\\/uploads\\\/2023\\\/06\\\/Edenred_logo_CMYK_red.webp\",\"image_svg_color\":\"emphasis\",\"margin\":\"default\"},\"name\":\"edenred logo\"}]},{\"type\":\"column\",\"props\":{\"image_position\":\"center-center\",\"position_sticky_breakpoint\":\"m\",\"width_medium\":\"1-3\"},\"children\":[{\"type\":\"image\",\"props\":{\"image\":\"wp-content\\\/uploads\\\/2023\\\/06\\\/SMARTUM_LOGO_RGB_BLACK.png\",\"image_svg_color\":\"emphasis\",\"margin\":\"default\"},\"name\":\"smartum logo\"}]},{\"type\":\"column\",\"props\":{\"image_position\":\"center-center\",\"position_sticky_breakpoint\":\"m\",\"width_medium\":\"1-3\"},\"children\":[{\"type\":\"html\",\"props\":{\"content\":\"<img src=\\\"https:\\\/\\\/static.vismapay.com\\\/pay_banners\\\/column.png\\\">\"},\"name\":\"Wisma logot\"}]}]}],\"props\":{\"margin\":\"default\"}},{\"type\":\"button\",\"props\":{\"grid_column_gap\":\"small\",\"grid_row_gap\":\"small\",\"margin\":\"default\"},\"children\":[{\"type\":\"button_item\",\"props\":{\"button_style\":\"primary\",\"content\":\"Ota yhteytt\\u00e4 >\",\"dialog_layout\":\"modal\",\"dialog_offcanvas_flip\":true,\"icon_align\":\"left\",\"link\":\"http:\\\/\\\/elamyspoukama.fi\\\/yhteystiedot\\\/\"}}]}]}]}]},{\"name\":\"sauna\",\"type\":\"section\",\"props\":{\"image_position\":\"center-center\",\"overlap\":true,\"style\":\"primary\",\"title_breakpoint\":\"xl\",\"title_position\":\"top-left\",\"title_rotation\":\"left\",\"vertical_align\":\"\",\"width\":\"large\"},\"children\":[{\"type\":\"row\",\"children\":[{\"type\":\"column\",\"props\":{\"image_position\":\"center-center\",\"position_sticky_breakpoint\":\"m\",\"width_medium\":\"1-1\"},\"children\":[{\"type\":\"text\",\"props\":{\"column_breakpoint\":\"m\",\"margin\":\"default\"},\"source\":{\"query\":{\"name\":\"pages.customPage\",\"arguments\":{\"users\":[],\"users_operator\":\"IN\",\"offset\":0,\"order\":\"date\",\"order_direction\":\"DESC\",\"id\":37155}},\"props\":{\"content\":{\"filters\":{\"search\":\"\"},\"arguments\":{\"show_intro_text\":true},\"name\":\"content\"}}}}]}]}]}],\"version\":\"4.5.15\"} --><\/p>\n","protected":false},"excerpt":{"rendered":"<p>SUP lauta vuokraus Porvoo Alla olevasta kalenterista voit varata sup laudan Alla olevasta kalenterista voit varata itsellesi laadukkaan sup-laudanjolla p\u00e4\u00e4set nauttimaan\u00a0 saariston maisemista ja rauhasta. Huom! Minimivuokraus aika on 2 [&hellip;]<\/p>\n","protected":false},"author":6,"featured_media":34331,"parent":0,"menu_order":0,"comment_status":"closed","ping_status":"closed","template":"","meta":{"footnotes":""},"class_list":["post-34325","page","type-page","status-publish","has-post-thumbnail","hentry"],"yoast_head":"<!-- This site is optimized with the Yoast SEO Premium plugin v27.4 (Yoast SEO v27.4) - https:\/\/yoast.com\/product\/yoast-seo-premium-wordpress\/ -->\n<title>SUP lautavuokraus Porvoo - El\u00e4myspoukama - Porvoo<\/title>\n<meta name=\"description\" content=\"Sup lauda vuokraus Porvoo l\u00f6ytyy El\u00e4myspoukamasta. Vuokraa sup lauta viet\u00e4 kes\u00e4p\u00e4iv\u00e4 suppaillen porvoon saaristossa. Helppo l\u00e4hte\u00e4 vesille!\" \/>\n<meta name=\"robots\" content=\"index, follow, max-snippet:-1, max-image-preview:large, max-video-preview:-1\" \/>\n<link rel=\"canonical\" href=\"https:\/\/elamyspoukama.fi\/en\/sup-lautavuokraus-porvoo\/\" \/>\n<meta property=\"og:locale\" content=\"en_US\" \/>\n<meta property=\"og:type\" content=\"article\" \/>\n<meta property=\"og:title\" content=\"SUP lautavuokraus Porvoo\" \/>\n<meta property=\"og:description\" content=\"Sup lauda vuokraus Porvoo l\u00f6ytyy El\u00e4myspoukamasta. Vuokraa sup lauta viet\u00e4 kes\u00e4p\u00e4iv\u00e4 suppaillen porvoon saaristossa. Helppo l\u00e4hte\u00e4 vesille!\" \/>\n<meta property=\"og:url\" content=\"https:\/\/elamyspoukama.fi\/en\/sup-lautavuokraus-porvoo\/\" \/>\n<meta property=\"og:site_name\" content=\"El\u00e4myspoukama\" \/>\n<meta property=\"article:publisher\" content=\"https:\/\/www.facebook.com\/Kokouspoukama\/\" \/>\n<meta property=\"article:modified_time\" content=\"2025-06-11T10:59:08+00:00\" \/>\n<meta property=\"og:image\" content=\"https:\/\/elamyspoukama.fi\/wp-content\/uploads\/2021\/06\/sup-lautailua-1-scaled.jpg\" \/>\n\t<meta property=\"og:image:width\" content=\"2560\" \/>\n\t<meta property=\"og:image:height\" content=\"1697\" \/>\n\t<meta property=\"og:image:type\" content=\"image\/jpeg\" \/>\n<meta name=\"twitter:card\" content=\"summary_large_image\" \/>\n<meta name=\"twitter:label1\" content=\"Est. reading time\" \/>\n\t<meta name=\"twitter:data1\" content=\"3 minutes\" \/>\n<script type=\"application\/ld+json\" class=\"yoast-schema-graph\">{\"@context\":\"https:\\\/\\\/schema.org\",\"@graph\":[{\"@type\":\"WebPage\",\"@id\":\"https:\\\/\\\/elamyspoukama.fi\\\/en\\\/sup-lautavuokraus-porvoo\\\/\",\"url\":\"https:\\\/\\\/elamyspoukama.fi\\\/en\\\/sup-lautavuokraus-porvoo\\\/\",\"name\":\"SUP lautavuokraus Porvoo - El\u00e4myspoukama - Porvoo\",\"isPartOf\":{\"@id\":\"https:\\\/\\\/elamyspoukama.fi\\\/en\\\/#website\"},\"primaryImageOfPage\":{\"@id\":\"https:\\\/\\\/elamyspoukama.fi\\\/en\\\/sup-lautavuokraus-porvoo\\\/#primaryimage\"},\"image\":{\"@id\":\"https:\\\/\\\/elamyspoukama.fi\\\/en\\\/sup-lautavuokraus-porvoo\\\/#primaryimage\"},\"thumbnailUrl\":\"https:\\\/\\\/elamyspoukama.fi\\\/wp-content\\\/uploads\\\/2021\\\/06\\\/sup-lautailua-1-scaled.jpg\",\"datePublished\":\"2021-06-29T11:38:57+00:00\",\"dateModified\":\"2025-06-11T10:59:08+00:00\",\"description\":\"Sup lauda vuokraus Porvoo l\u00f6ytyy El\u00e4myspoukamasta. Vuokraa sup lauta viet\u00e4 kes\u00e4p\u00e4iv\u00e4 suppaillen porvoon saaristossa. Helppo l\u00e4hte\u00e4 vesille!\",\"breadcrumb\":{\"@id\":\"https:\\\/\\\/elamyspoukama.fi\\\/en\\\/sup-lautavuokraus-porvoo\\\/#breadcrumb\"},\"inLanguage\":\"en-US\",\"potentialAction\":[{\"@type\":\"ReadAction\",\"target\":[\"https:\\\/\\\/elamyspoukama.fi\\\/en\\\/sup-lautavuokraus-porvoo\\\/\"]}]},{\"@type\":\"ImageObject\",\"inLanguage\":\"en-US\",\"@id\":\"https:\\\/\\\/elamyspoukama.fi\\\/en\\\/sup-lautavuokraus-porvoo\\\/#primaryimage\",\"url\":\"https:\\\/\\\/elamyspoukama.fi\\\/wp-content\\\/uploads\\\/2021\\\/06\\\/sup-lautailua-1-scaled.jpg\",\"contentUrl\":\"https:\\\/\\\/elamyspoukama.fi\\\/wp-content\\\/uploads\\\/2021\\\/06\\\/sup-lautailua-1-scaled.jpg\",\"width\":2560,\"height\":1697},{\"@type\":\"BreadcrumbList\",\"@id\":\"https:\\\/\\\/elamyspoukama.fi\\\/en\\\/sup-lautavuokraus-porvoo\\\/#breadcrumb\",\"itemListElement\":[{\"@type\":\"ListItem\",\"position\":1,\"name\":\"Home\",\"item\":\"https:\\\/\\\/elamyspoukama.fi\\\/en\\\/\"},{\"@type\":\"ListItem\",\"position\":2,\"name\":\"SUP lautavuokraus Porvoo\"}]},{\"@type\":\"WebSite\",\"@id\":\"https:\\\/\\\/elamyspoukama.fi\\\/en\\\/#website\",\"url\":\"https:\\\/\\\/elamyspoukama.fi\\\/en\\\/\",\"name\":\"El\u00e4myspoukama\",\"description\":\"Tekemist\u00e4 porvoossa\",\"publisher\":{\"@id\":\"https:\\\/\\\/elamyspoukama.fi\\\/en\\\/#organization\"},\"potentialAction\":[{\"@type\":\"SearchAction\",\"target\":{\"@type\":\"EntryPoint\",\"urlTemplate\":\"https:\\\/\\\/elamyspoukama.fi\\\/en\\\/?s={search_term_string}\"},\"query-input\":{\"@type\":\"PropertyValueSpecification\",\"valueRequired\":true,\"valueName\":\"search_term_string\"}}],\"inLanguage\":\"en-US\"},{\"@type\":\"Organization\",\"@id\":\"https:\\\/\\\/elamyspoukama.fi\\\/en\\\/#organization\",\"name\":\"Kokouspoukama\",\"url\":\"https:\\\/\\\/elamyspoukama.fi\\\/en\\\/\",\"logo\":{\"@type\":\"ImageObject\",\"inLanguage\":\"en-US\",\"@id\":\"https:\\\/\\\/elamyspoukama.fi\\\/en\\\/#\\\/schema\\\/logo\\\/image\\\/\",\"url\":\"https:\\\/\\\/elamyspoukama.fi\\\/wp-content\\\/uploads\\\/2018\\\/06\\\/Poukama_logo_secondary_black-e1530794758505.png\",\"contentUrl\":\"https:\\\/\\\/elamyspoukama.fi\\\/wp-content\\\/uploads\\\/2018\\\/06\\\/Poukama_logo_secondary_black-e1530794758505.png\",\"width\":200,\"height\":200,\"caption\":\"Kokouspoukama\"},\"image\":{\"@id\":\"https:\\\/\\\/elamyspoukama.fi\\\/en\\\/#\\\/schema\\\/logo\\\/image\\\/\"},\"sameAs\":[\"https:\\\/\\\/www.facebook.com\\\/Kokouspoukama\\\/\",\"https:\\\/\\\/www.instagram.com\\\/kokouspoukama\\\/\"]}]}<\/script>\n<!-- \/ Yoast SEO Premium plugin. -->","yoast_head_json":{"title":"SUP lautavuokraus Porvoo - El\u00e4myspoukama - Porvoo","description":"Sup lauda vuokraus Porvoo l\u00f6ytyy El\u00e4myspoukamasta. Vuokraa sup lauta viet\u00e4 kes\u00e4p\u00e4iv\u00e4 suppaillen porvoon saaristossa. Helppo l\u00e4hte\u00e4 vesille!","robots":{"index":"index","follow":"follow","max-snippet":"max-snippet:-1","max-image-preview":"max-image-preview:large","max-video-preview":"max-video-preview:-1"},"canonical":"https:\/\/elamyspoukama.fi\/en\/sup-lautavuokraus-porvoo\/","og_locale":"en_US","og_type":"article","og_title":"SUP lautavuokraus Porvoo","og_description":"Sup lauda vuokraus Porvoo l\u00f6ytyy El\u00e4myspoukamasta. Vuokraa sup lauta viet\u00e4 kes\u00e4p\u00e4iv\u00e4 suppaillen porvoon saaristossa. Helppo l\u00e4hte\u00e4 vesille!","og_url":"https:\/\/elamyspoukama.fi\/en\/sup-lautavuokraus-porvoo\/","og_site_name":"El\u00e4myspoukama","article_publisher":"https:\/\/www.facebook.com\/Kokouspoukama\/","article_modified_time":"2025-06-11T10:59:08+00:00","og_image":[{"width":2560,"height":1697,"url":"https:\/\/elamyspoukama.fi\/wp-content\/uploads\/2021\/06\/sup-lautailua-1-scaled.jpg","type":"image\/jpeg"}],"twitter_card":"summary_large_image","twitter_misc":{"Est. reading time":"3 minutes"},"schema":{"@context":"https:\/\/schema.org","@graph":[{"@type":"WebPage","@id":"https:\/\/elamyspoukama.fi\/en\/sup-lautavuokraus-porvoo\/","url":"https:\/\/elamyspoukama.fi\/en\/sup-lautavuokraus-porvoo\/","name":"SUP lautavuokraus Porvoo - El\u00e4myspoukama - Porvoo","isPartOf":{"@id":"https:\/\/elamyspoukama.fi\/en\/#website"},"primaryImageOfPage":{"@id":"https:\/\/elamyspoukama.fi\/en\/sup-lautavuokraus-porvoo\/#primaryimage"},"image":{"@id":"https:\/\/elamyspoukama.fi\/en\/sup-lautavuokraus-porvoo\/#primaryimage"},"thumbnailUrl":"https:\/\/elamyspoukama.fi\/wp-content\/uploads\/2021\/06\/sup-lautailua-1-scaled.jpg","datePublished":"2021-06-29T11:38:57+00:00","dateModified":"2025-06-11T10:59:08+00:00","description":"Sup lauda vuokraus Porvoo l\u00f6ytyy El\u00e4myspoukamasta. Vuokraa sup lauta viet\u00e4 kes\u00e4p\u00e4iv\u00e4 suppaillen porvoon saaristossa. Helppo l\u00e4hte\u00e4 vesille!","breadcrumb":{"@id":"https:\/\/elamyspoukama.fi\/en\/sup-lautavuokraus-porvoo\/#breadcrumb"},"inLanguage":"en-US","potentialAction":[{"@type":"ReadAction","target":["https:\/\/elamyspoukama.fi\/en\/sup-lautavuokraus-porvoo\/"]}]},{"@type":"ImageObject","inLanguage":"en-US","@id":"https:\/\/elamyspoukama.fi\/en\/sup-lautavuokraus-porvoo\/#primaryimage","url":"https:\/\/elamyspoukama.fi\/wp-content\/uploads\/2021\/06\/sup-lautailua-1-scaled.jpg","contentUrl":"https:\/\/elamyspoukama.fi\/wp-content\/uploads\/2021\/06\/sup-lautailua-1-scaled.jpg","width":2560,"height":1697},{"@type":"BreadcrumbList","@id":"https:\/\/elamyspoukama.fi\/en\/sup-lautavuokraus-porvoo\/#breadcrumb","itemListElement":[{"@type":"ListItem","position":1,"name":"Home","item":"https:\/\/elamyspoukama.fi\/en\/"},{"@type":"ListItem","position":2,"name":"SUP lautavuokraus Porvoo"}]},{"@type":"WebSite","@id":"https:\/\/elamyspoukama.fi\/en\/#website","url":"https:\/\/elamyspoukama.fi\/en\/","name":"El\u00e4myspoukama","description":"Tekemist\u00e4 porvoossa","publisher":{"@id":"https:\/\/elamyspoukama.fi\/en\/#organization"},"potentialAction":[{"@type":"SearchAction","target":{"@type":"EntryPoint","urlTemplate":"https:\/\/elamyspoukama.fi\/en\/?s={search_term_string}"},"query-input":{"@type":"PropertyValueSpecification","valueRequired":true,"valueName":"search_term_string"}}],"inLanguage":"en-US"},{"@type":"Organization","@id":"https:\/\/elamyspoukama.fi\/en\/#organization","name":"Kokouspoukama","url":"https:\/\/elamyspoukama.fi\/en\/","logo":{"@type":"ImageObject","inLanguage":"en-US","@id":"https:\/\/elamyspoukama.fi\/en\/#\/schema\/logo\/image\/","url":"https:\/\/elamyspoukama.fi\/wp-content\/uploads\/2018\/06\/Poukama_logo_secondary_black-e1530794758505.png","contentUrl":"https:\/\/elamyspoukama.fi\/wp-content\/uploads\/2018\/06\/Poukama_logo_secondary_black-e1530794758505.png","width":200,"height":200,"caption":"Kokouspoukama"},"image":{"@id":"https:\/\/elamyspoukama.fi\/en\/#\/schema\/logo\/image\/"},"sameAs":["https:\/\/www.facebook.com\/Kokouspoukama\/","https:\/\/www.instagram.com\/kokouspoukama\/"]}]}},"_links":{"self":[{"href":"https:\/\/elamyspoukama.fi\/en\/wp-json\/wp\/v2\/pages\/34325","targetHints":{"allow":["GET"]}}],"collection":[{"href":"https:\/\/elamyspoukama.fi\/en\/wp-json\/wp\/v2\/pages"}],"about":[{"href":"https:\/\/elamyspoukama.fi\/en\/wp-json\/wp\/v2\/types\/page"}],"author":[{"embeddable":true,"href":"https:\/\/elamyspoukama.fi\/en\/wp-json\/wp\/v2\/users\/6"}],"replies":[{"embeddable":true,"href":"https:\/\/elamyspoukama.fi\/en\/wp-json\/wp\/v2\/comments?post=34325"}],"version-history":[{"count":0,"href":"https:\/\/elamyspoukama.fi\/en\/wp-json\/wp\/v2\/pages\/34325\/revisions"}],"wp:featuredmedia":[{"embeddable":true,"href":"https:\/\/elamyspoukama.fi\/en\/wp-json\/wp\/v2\/media\/34331"}],"wp:attachment":[{"href":"https:\/\/elamyspoukama.fi\/en\/wp-json\/wp\/v2\/media?parent=34325"}],"curies":[{"name":"wp","href":"https:\/\/api.w.org\/{rel}","templated":true}]}}