{"id":49022,"date":"2026-03-05T12:15:25","date_gmt":"2026-03-05T10:15:25","guid":{"rendered":"https:\/\/elamyspoukama.fi\/?post_type=tribe_events&#038;p=49022"},"modified":"2026-03-05T12:16:32","modified_gmt":"2026-03-05T10:16:32","slug":"elementtien-saunotus-28-3-2026","status":"publish","type":"tribe_events","link":"https:\/\/elamyspoukama.fi\/en\/tapahtuma\/elementtien-saunotus-28-3-2026\/","title":{"rendered":"Elementtien saunotus 28.3.2026"},"content":{"rendered":"<h1>Elementtien saunotus<\/h1>\n<h3>Lauantaina 28.3.2026 klo 16\u201318<br \/>\nHinta: 49 \u20ac<\/h3>\n<p>Tervetuloa l\u00f6ylyn l\u00e4hteille, elementtien \u00e4\u00e4relle!<br \/>\nElementtien saunotuksessa p\u00e4\u00e4set tutustumaan it\u00e4merensuomalaiseen saunaperinteeseen pintaa syvemm\u00e4lt\u00e4 ja kokemaan perinnesaunottajan toteuttaman saunaseremonian.<\/p>\n<p>Saunassa ovat l\u00e4sn\u00e4 kaikki luonnon elementit: ilma, tuli, vesi, maa kohtaavat kiukaalla ja synnytt\u00e4v\u00e4t l\u00f6ylyn.<br \/>\nL\u00f6ylyn ja elementtien voima hoitaa ihmist\u00e4 kokonaisuutena, maadoittaa ja juurruttaa.<br \/>\nSaunotuksen aikana kuljet l\u00e4pi elementtien keh\u00e4n ja voit kokea saunan syv\u00e4sti hoitavan ja harmonisoivan vaikutuksen.<\/p>\n<p>Perinnesaunotuksessa luonnon elementit ovat konkreettisesti kaikkien aistien kautta koettavissa.<br \/>\nSaat kokea mm. perinteist\u00e4 hoitavaa vihdontaa ja yrttil\u00f6ylyj\u00e4 sek\u00e4 nauttia luonnonantimiin perustuvista saunahoidoista.<br \/>\nSaunotukseen sis\u00e4ltyy my\u00f6s johdatus elementteihin saunaperinteen n\u00e4k\u00f6kulmasta sek\u00e4 l\u00e4mmin saunajuoma.<\/p>\n<p>Saunotuksessa voit p\u00e4\u00e4st\u00e4\u00e4 irti arjesta, laskeutua l\u00f6ylyn syliin ja antaa ajan pys\u00e4hty\u00e4. Saunottaja huolehtii ohjelmasta ja viilennystauoista, sin\u00e4 voit rentoutua.<\/p>\n<p>Saunotus j\u00e4rjestet\u00e4\u00e4n Poukaman puul\u00e4mmitteisess\u00e4 rantasaunassa, ja halukkaille on my\u00f6s uintimahdollisuus meress\u00e4.<\/p>\n<p>Aloitamme klo 16 yhteisell\u00e4 tuokiolla, jonka aikana saunottaja kertoo elementtiopista ja saunaperinteest\u00e4, ja sen j\u00e4lkeen siirrymme puusaunan metisiin l\u00f6ylyihin.<br \/>\nSaunaseremonian kesto on noin 1 h, jonka j\u00e4lkeen vapaata saunomisaikaa klo 18 saakka.<\/p>\n<h3>Mit\u00e4 mukaan perinnesaunotukseen?<\/h3>\n<p>Uimapuku ja pyyhe, saunahattu jos sellainen l\u00f6ytyy sek\u00e4 halutessasi saunatakki. Nesteytys on t\u00e4rke\u00e4\u00e4, joten saunajuomaksi on hyv\u00e4 varata esimerkiksi kivenn\u00e4isvett\u00e4.<br \/>\nPerinnesaunotus sopii jokaiselle saunakokemuksesta riippumatta, mutta ilmoitathan etuk\u00e4teen mahdolliset allergiat tai muut terveyteen liittyv\u00e4t seikat, jotka voivat vaikuttaa saunotukseen.<\/p>\n","protected":false},"excerpt":{"rendered":"<p>Elementtien saunotus Lauantaina 28.3.2026 klo 16\u201318 Hinta: 49 \u20ac Tervetuloa l\u00f6ylyn l\u00e4hteille, elementtien \u00e4\u00e4relle! Elementtien saunotuksessa p\u00e4\u00e4set tutustumaan it\u00e4merensuomalaiseen saunaperinteeseen pintaa syvemm\u00e4lt\u00e4 ja kokemaan perinnesaunottajan toteuttaman saunaseremonian. Saunassa ovat l\u00e4sn\u00e4 [&hellip;]<\/p>\n","protected":false},"author":6,"featured_media":49023,"template":"","meta":{"_tribe_events_status":"","_tribe_events_status_reason":"","_tribe_events_is_hybrid":"","_tribe_events_is_virtual":"","_tribe_events_virtual_video_source":"","_tribe_events_virtual_embed_video":"","_tribe_events_virtual_linked_button_text":"","_tribe_events_virtual_linked_button":"","_tribe_events_virtual_show_embed_at":"","_tribe_events_virtual_show_embed_to":[],"_tribe_events_virtual_show_on_event":"","_tribe_events_virtual_show_on_views":"","_tribe_events_virtual_url":"","footnotes":""},"tags":[],"tribe_events_cat":[169,202,186],"class_list":["post-49022","tribe_events","type-tribe_events","status-publish","has-post-thumbnail","hentry","tribe_events_cat-elamyspoukaman-tapahtumat","tribe_events_cat-hyvinvointi-tapahtumat","tribe_events_cat-sauna-tapahtumat","cat_elamyspoukaman-tapahtumat","cat_hyvinvointi-tapahtumat","cat_sauna-tapahtumat"],"yoast_head":"<!-- This site is optimized with the Yoast SEO Premium plugin v27.4 (Yoast SEO v27.4) - https:\/\/yoast.com\/product\/yoast-seo-premium-wordpress\/ -->\n<title>Elementtien saunotus 28.3.2026 - El\u00e4myspoukama<\/title>\n<meta name=\"robots\" content=\"index, follow, max-snippet:-1, max-image-preview:large, max-video-preview:-1\" \/>\n<link rel=\"canonical\" href=\"https:\/\/elamyspoukama.fi\/en\/tapahtuma\/elementtien-saunotus-28-3-2026\/\" \/>\n<meta property=\"og:locale\" content=\"en_US\" \/>\n<meta property=\"og:type\" content=\"article\" \/>\n<meta property=\"og:title\" content=\"Elementtien saunotus 28.3.2026\" \/>\n<meta property=\"og:description\" content=\"Elementtien saunotus Lauantaina 28.3.2026 klo 16\u201318 Hinta: 49 \u20ac Tervetuloa l\u00f6ylyn l\u00e4hteille, elementtien \u00e4\u00e4relle! Elementtien saunotuksessa p\u00e4\u00e4set tutustumaan it\u00e4merensuomalaiseen saunaperinteeseen pintaa syvemm\u00e4lt\u00e4 ja kokemaan perinnesaunottajan toteuttaman saunaseremonian. Saunassa ovat l\u00e4sn\u00e4 [&hellip;]\" \/>\n<meta property=\"og:url\" content=\"https:\/\/elamyspoukama.fi\/en\/tapahtuma\/elementtien-saunotus-28-3-2026\/\" \/>\n<meta property=\"og:site_name\" content=\"El\u00e4myspoukama\" \/>\n<meta property=\"article:publisher\" content=\"https:\/\/www.facebook.com\/Kokouspoukama\/\" \/>\n<meta property=\"article:modified_time\" content=\"2026-03-05T10:16:32+00:00\" \/>\n<meta property=\"og:image\" content=\"https:\/\/elamyspoukama.fi\/wp-content\/uploads\/2026\/03\/IMG_3226-Sanervattaren-Sauna-Suvi-Hanste-scaled.jpg\" \/>\n\t<meta property=\"og:image:width\" content=\"2560\" \/>\n\t<meta property=\"og:image:height\" content=\"1706\" \/>\n\t<meta property=\"og:image:type\" content=\"image\/jpeg\" \/>\n<meta name=\"twitter:card\" content=\"summary_large_image\" \/>\n<meta name=\"twitter:label1\" content=\"Est. reading time\" \/>\n\t<meta name=\"twitter:data1\" content=\"2 minutes\" \/>\n<script type=\"application\/ld+json\" class=\"yoast-schema-graph\">{\"@context\":\"https:\\\/\\\/schema.org\",\"@graph\":[{\"@type\":\"WebPage\",\"@id\":\"https:\\\/\\\/elamyspoukama.fi\\\/en\\\/tapahtuma\\\/elementtien-saunotus-28-3-2026\\\/\",\"url\":\"https:\\\/\\\/elamyspoukama.fi\\\/en\\\/tapahtuma\\\/elementtien-saunotus-28-3-2026\\\/\",\"name\":\"Elementtien saunotus 28.3.2026 - El\u00e4myspoukama\",\"isPartOf\":{\"@id\":\"https:\\\/\\\/elamyspoukama.fi\\\/en\\\/#website\"},\"primaryImageOfPage\":{\"@id\":\"https:\\\/\\\/elamyspoukama.fi\\\/en\\\/tapahtuma\\\/elementtien-saunotus-28-3-2026\\\/#primaryimage\"},\"image\":{\"@id\":\"https:\\\/\\\/elamyspoukama.fi\\\/en\\\/tapahtuma\\\/elementtien-saunotus-28-3-2026\\\/#primaryimage\"},\"thumbnailUrl\":\"https:\\\/\\\/elamyspoukama.fi\\\/wp-content\\\/uploads\\\/2026\\\/03\\\/IMG_3226-Sanervattaren-Sauna-Suvi-Hanste-scaled.jpg\",\"datePublished\":\"2026-03-05T10:15:25+00:00\",\"dateModified\":\"2026-03-05T10:16:32+00:00\",\"breadcrumb\":{\"@id\":\"https:\\\/\\\/elamyspoukama.fi\\\/en\\\/tapahtuma\\\/elementtien-saunotus-28-3-2026\\\/#breadcrumb\"},\"inLanguage\":\"en-US\",\"potentialAction\":[{\"@type\":\"ReadAction\",\"target\":[\"https:\\\/\\\/elamyspoukama.fi\\\/en\\\/tapahtuma\\\/elementtien-saunotus-28-3-2026\\\/\"]}]},{\"@type\":\"ImageObject\",\"inLanguage\":\"en-US\",\"@id\":\"https:\\\/\\\/elamyspoukama.fi\\\/en\\\/tapahtuma\\\/elementtien-saunotus-28-3-2026\\\/#primaryimage\",\"url\":\"https:\\\/\\\/elamyspoukama.fi\\\/wp-content\\\/uploads\\\/2026\\\/03\\\/IMG_3226-Sanervattaren-Sauna-Suvi-Hanste-scaled.jpg\",\"contentUrl\":\"https:\\\/\\\/elamyspoukama.fi\\\/wp-content\\\/uploads\\\/2026\\\/03\\\/IMG_3226-Sanervattaren-Sauna-Suvi-Hanste-scaled.jpg\",\"width\":2560,\"height\":1706},{\"@type\":\"BreadcrumbList\",\"@id\":\"https:\\\/\\\/elamyspoukama.fi\\\/en\\\/tapahtuma\\\/elementtien-saunotus-28-3-2026\\\/#breadcrumb\",\"itemListElement\":[{\"@type\":\"ListItem\",\"position\":1,\"name\":\"Home\",\"item\":\"https:\\\/\\\/elamyspoukama.fi\\\/en\\\/\"},{\"@type\":\"ListItem\",\"position\":2,\"name\":\"Events\",\"item\":\"https:\\\/\\\/elamyspoukama.fi\\\/en\\\/tapahtumat\\\/\"},{\"@type\":\"ListItem\",\"position\":3,\"name\":\"Elementtien saunotus 28.3.2026\"}]},{\"@type\":\"WebSite\",\"@id\":\"https:\\\/\\\/elamyspoukama.fi\\\/en\\\/#website\",\"url\":\"https:\\\/\\\/elamyspoukama.fi\\\/en\\\/\",\"name\":\"El\u00e4myspoukama\",\"description\":\"Tekemist\u00e4 porvoossa\",\"publisher\":{\"@id\":\"https:\\\/\\\/elamyspoukama.fi\\\/en\\\/#organization\"},\"potentialAction\":[{\"@type\":\"SearchAction\",\"target\":{\"@type\":\"EntryPoint\",\"urlTemplate\":\"https:\\\/\\\/elamyspoukama.fi\\\/en\\\/?s={search_term_string}\"},\"query-input\":{\"@type\":\"PropertyValueSpecification\",\"valueRequired\":true,\"valueName\":\"search_term_string\"}}],\"inLanguage\":\"en-US\"},{\"@type\":\"Organization\",\"@id\":\"https:\\\/\\\/elamyspoukama.fi\\\/en\\\/#organization\",\"name\":\"Kokouspoukama\",\"url\":\"https:\\\/\\\/elamyspoukama.fi\\\/en\\\/\",\"logo\":{\"@type\":\"ImageObject\",\"inLanguage\":\"en-US\",\"@id\":\"https:\\\/\\\/elamyspoukama.fi\\\/en\\\/#\\\/schema\\\/logo\\\/image\\\/\",\"url\":\"https:\\\/\\\/elamyspoukama.fi\\\/wp-content\\\/uploads\\\/2018\\\/06\\\/Poukama_logo_secondary_black-e1530794758505.png\",\"contentUrl\":\"https:\\\/\\\/elamyspoukama.fi\\\/wp-content\\\/uploads\\\/2018\\\/06\\\/Poukama_logo_secondary_black-e1530794758505.png\",\"width\":200,\"height\":200,\"caption\":\"Kokouspoukama\"},\"image\":{\"@id\":\"https:\\\/\\\/elamyspoukama.fi\\\/en\\\/#\\\/schema\\\/logo\\\/image\\\/\"},\"sameAs\":[\"https:\\\/\\\/www.facebook.com\\\/Kokouspoukama\\\/\",\"https:\\\/\\\/www.instagram.com\\\/kokouspoukama\\\/\"]}]}<\/script>\n<!-- \/ Yoast SEO Premium plugin. -->","yoast_head_json":{"title":"Elementtien saunotus 28.3.2026 - El\u00e4myspoukama","robots":{"index":"index","follow":"follow","max-snippet":"max-snippet:-1","max-image-preview":"max-image-preview:large","max-video-preview":"max-video-preview:-1"},"canonical":"https:\/\/elamyspoukama.fi\/en\/tapahtuma\/elementtien-saunotus-28-3-2026\/","og_locale":"en_US","og_type":"article","og_title":"Elementtien saunotus 28.3.2026","og_description":"Elementtien saunotus Lauantaina 28.3.2026 klo 16\u201318 Hinta: 49 \u20ac Tervetuloa l\u00f6ylyn l\u00e4hteille, elementtien \u00e4\u00e4relle! Elementtien saunotuksessa p\u00e4\u00e4set tutustumaan it\u00e4merensuomalaiseen saunaperinteeseen pintaa syvemm\u00e4lt\u00e4 ja kokemaan perinnesaunottajan toteuttaman saunaseremonian. Saunassa ovat l\u00e4sn\u00e4 [&hellip;]","og_url":"https:\/\/elamyspoukama.fi\/en\/tapahtuma\/elementtien-saunotus-28-3-2026\/","og_site_name":"El\u00e4myspoukama","article_publisher":"https:\/\/www.facebook.com\/Kokouspoukama\/","article_modified_time":"2026-03-05T10:16:32+00:00","og_image":[{"width":2560,"height":1706,"url":"https:\/\/elamyspoukama.fi\/wp-content\/uploads\/2026\/03\/IMG_3226-Sanervattaren-Sauna-Suvi-Hanste-scaled.jpg","type":"image\/jpeg"}],"twitter_card":"summary_large_image","twitter_misc":{"Est. reading time":"2 minutes"},"schema":{"@context":"https:\/\/schema.org","@graph":[{"@type":"WebPage","@id":"https:\/\/elamyspoukama.fi\/en\/tapahtuma\/elementtien-saunotus-28-3-2026\/","url":"https:\/\/elamyspoukama.fi\/en\/tapahtuma\/elementtien-saunotus-28-3-2026\/","name":"Elementtien saunotus 28.3.2026 - El\u00e4myspoukama","isPartOf":{"@id":"https:\/\/elamyspoukama.fi\/en\/#website"},"primaryImageOfPage":{"@id":"https:\/\/elamyspoukama.fi\/en\/tapahtuma\/elementtien-saunotus-28-3-2026\/#primaryimage"},"image":{"@id":"https:\/\/elamyspoukama.fi\/en\/tapahtuma\/elementtien-saunotus-28-3-2026\/#primaryimage"},"thumbnailUrl":"https:\/\/elamyspoukama.fi\/wp-content\/uploads\/2026\/03\/IMG_3226-Sanervattaren-Sauna-Suvi-Hanste-scaled.jpg","datePublished":"2026-03-05T10:15:25+00:00","dateModified":"2026-03-05T10:16:32+00:00","breadcrumb":{"@id":"https:\/\/elamyspoukama.fi\/en\/tapahtuma\/elementtien-saunotus-28-3-2026\/#breadcrumb"},"inLanguage":"en-US","potentialAction":[{"@type":"ReadAction","target":["https:\/\/elamyspoukama.fi\/en\/tapahtuma\/elementtien-saunotus-28-3-2026\/"]}]},{"@type":"ImageObject","inLanguage":"en-US","@id":"https:\/\/elamyspoukama.fi\/en\/tapahtuma\/elementtien-saunotus-28-3-2026\/#primaryimage","url":"https:\/\/elamyspoukama.fi\/wp-content\/uploads\/2026\/03\/IMG_3226-Sanervattaren-Sauna-Suvi-Hanste-scaled.jpg","contentUrl":"https:\/\/elamyspoukama.fi\/wp-content\/uploads\/2026\/03\/IMG_3226-Sanervattaren-Sauna-Suvi-Hanste-scaled.jpg","width":2560,"height":1706},{"@type":"BreadcrumbList","@id":"https:\/\/elamyspoukama.fi\/en\/tapahtuma\/elementtien-saunotus-28-3-2026\/#breadcrumb","itemListElement":[{"@type":"ListItem","position":1,"name":"Home","item":"https:\/\/elamyspoukama.fi\/en\/"},{"@type":"ListItem","position":2,"name":"Events","item":"https:\/\/elamyspoukama.fi\/en\/tapahtumat\/"},{"@type":"ListItem","position":3,"name":"Elementtien saunotus 28.3.2026"}]},{"@type":"WebSite","@id":"https:\/\/elamyspoukama.fi\/en\/#website","url":"https:\/\/elamyspoukama.fi\/en\/","name":"El\u00e4myspoukama","description":"Tekemist\u00e4 porvoossa","publisher":{"@id":"https:\/\/elamyspoukama.fi\/en\/#organization"},"potentialAction":[{"@type":"SearchAction","target":{"@type":"EntryPoint","urlTemplate":"https:\/\/elamyspoukama.fi\/en\/?s={search_term_string}"},"query-input":{"@type":"PropertyValueSpecification","valueRequired":true,"valueName":"search_term_string"}}],"inLanguage":"en-US"},{"@type":"Organization","@id":"https:\/\/elamyspoukama.fi\/en\/#organization","name":"Kokouspoukama","url":"https:\/\/elamyspoukama.fi\/en\/","logo":{"@type":"ImageObject","inLanguage":"en-US","@id":"https:\/\/elamyspoukama.fi\/en\/#\/schema\/logo\/image\/","url":"https:\/\/elamyspoukama.fi\/wp-content\/uploads\/2018\/06\/Poukama_logo_secondary_black-e1530794758505.png","contentUrl":"https:\/\/elamyspoukama.fi\/wp-content\/uploads\/2018\/06\/Poukama_logo_secondary_black-e1530794758505.png","width":200,"height":200,"caption":"Kokouspoukama"},"image":{"@id":"https:\/\/elamyspoukama.fi\/en\/#\/schema\/logo\/image\/"},"sameAs":["https:\/\/www.facebook.com\/Kokouspoukama\/","https:\/\/www.instagram.com\/kokouspoukama\/"]}]}},"_links":{"self":[{"href":"https:\/\/elamyspoukama.fi\/en\/wp-json\/wp\/v2\/tribe_events\/49022","targetHints":{"allow":["GET"]}}],"collection":[{"href":"https:\/\/elamyspoukama.fi\/en\/wp-json\/wp\/v2\/tribe_events"}],"about":[{"href":"https:\/\/elamyspoukama.fi\/en\/wp-json\/wp\/v2\/types\/tribe_events"}],"author":[{"embeddable":true,"href":"https:\/\/elamyspoukama.fi\/en\/wp-json\/wp\/v2\/users\/6"}],"version-history":[{"count":0,"href":"https:\/\/elamyspoukama.fi\/en\/wp-json\/wp\/v2\/tribe_events\/49022\/revisions"}],"wp:featuredmedia":[{"embeddable":true,"href":"https:\/\/elamyspoukama.fi\/en\/wp-json\/wp\/v2\/media\/49023"}],"wp:attachment":[{"href":"https:\/\/elamyspoukama.fi\/en\/wp-json\/wp\/v2\/media?parent=49022"}],"wp:term":[{"taxonomy":"post_tag","embeddable":true,"href":"https:\/\/elamyspoukama.fi\/en\/wp-json\/wp\/v2\/tags?post=49022"},{"taxonomy":"tribe_events_cat","embeddable":true,"href":"https:\/\/elamyspoukama.fi\/en\/wp-json\/wp\/v2\/tribe_events_cat?post=49022"}],"curies":[{"name":"wp","href":"https:\/\/api.w.org\/{rel}","templated":true}]}}